{"id":605,"date":"2021-01-13T15:55:43","date_gmt":"2021-01-13T15:55:43","guid":{"rendered":"https:\/\/bornarchitektur.ch\/?page_id=605"},"modified":"2022-03-31T06:57:30","modified_gmt":"2022-03-31T06:57:30","slug":"projekte-2","status":"publish","type":"page","link":"https:\/\/bornarchitektur.ch\/index.php\/projekte-2\/","title":{"rendered":"Projekte"},"content":{"rendered":"\n<p>realisiert.<\/p>\n\n\n\n<p><strong>Industrie &amp; Gewerbe<\/strong><\/p>\n\n\n\n<figure class=\"wp-block-image size-large is-resized is-style-rounded\"><a href=\"https:\/\/bornarchitektur.ch\/wp-content\/uploads\/20170630_124959-scaled.jpg\"><img loading=\"lazy\" decoding=\"async\" src=\"https:\/\/bornarchitektur.ch\/wp-content\/uploads\/20170630_124959-1024x768.jpg\" alt=\"\" class=\"wp-image-670\" width=\"837\" height=\"628\" srcset=\"https:\/\/bornarchitektur.ch\/wp-content\/uploads\/20170630_124959-1024x768.jpg 1024w, https:\/\/bornarchitektur.ch\/wp-content\/uploads\/20170630_124959-300x225.jpg 300w, https:\/\/bornarchitektur.ch\/wp-content\/uploads\/20170630_124959-768x576.jpg 768w, https:\/\/bornarchitektur.ch\/wp-content\/uploads\/20170630_124959-1536x1152.jpg 1536w, https:\/\/bornarchitektur.ch\/wp-content\/uploads\/20170630_124959-738x554.jpg 738w, https:\/\/bornarchitektur.ch\/wp-content\/uploads\/20170630_124959-1458x1094.jpg 1458w, https:\/\/bornarchitektur.ch\/wp-content\/uploads\/20170630_124959-996x747.jpg 996w, https:\/\/bornarchitektur.ch\/wp-content\/uploads\/20170630_124959-1992x1494.jpg 1992w\" sizes=\"auto, (max-width: 837px) 100vw, 837px\" \/><\/a><figcaption>Molkerei Erweiterung Produktion<\/figcaption><\/figure>\n\n\n\n<figure class=\"wp-block-gallery has-nested-images columns-default is-cropped wp-block-gallery-1 is-layout-flex wp-block-gallery-is-layout-flex\">\n<figure class=\"wp-block-image size-large\"><a href=\"https:\/\/bornarchitektur.ch\/wp-content\/uploads\/20170630_135023-scaled.jpg\"><img loading=\"lazy\" decoding=\"async\" width=\"1024\" height=\"768\" data-id=\"671\" src=\"https:\/\/bornarchitektur.ch\/wp-content\/uploads\/20170630_135023-1024x768.jpg\" alt=\"\" class=\"wp-image-671\" srcset=\"https:\/\/bornarchitektur.ch\/wp-content\/uploads\/20170630_135023-1024x768.jpg 1024w, https:\/\/bornarchitektur.ch\/wp-content\/uploads\/20170630_135023-300x225.jpg 300w, https:\/\/bornarchitektur.ch\/wp-content\/uploads\/20170630_135023-768x576.jpg 768w, https:\/\/bornarchitektur.ch\/wp-content\/uploads\/20170630_135023-1536x1152.jpg 1536w, https:\/\/bornarchitektur.ch\/wp-content\/uploads\/20170630_135023-738x554.jpg 738w, https:\/\/bornarchitektur.ch\/wp-content\/uploads\/20170630_135023-1458x1094.jpg 1458w, https:\/\/bornarchitektur.ch\/wp-content\/uploads\/20170630_135023-996x747.jpg 996w, https:\/\/bornarchitektur.ch\/wp-content\/uploads\/20170630_135023-1992x1494.jpg 1992w\" sizes=\"auto, (max-width: 1024px) 100vw, 1024px\" \/><\/a><\/figure>\n\n\n\n<figure class=\"wp-block-image size-large\"><a href=\"https:\/\/bornarchitektur.ch\/wp-content\/uploads\/20200401_162243-scaled.jpg\"><img loading=\"lazy\" decoding=\"async\" width=\"1024\" height=\"768\" data-id=\"672\" src=\"https:\/\/bornarchitektur.ch\/wp-content\/uploads\/20200401_162243-1024x768.jpg\" alt=\"\" class=\"wp-image-672\" srcset=\"https:\/\/bornarchitektur.ch\/wp-content\/uploads\/20200401_162243-1024x768.jpg 1024w, https:\/\/bornarchitektur.ch\/wp-content\/uploads\/20200401_162243-300x225.jpg 300w, https:\/\/bornarchitektur.ch\/wp-content\/uploads\/20200401_162243-768x576.jpg 768w, https:\/\/bornarchitektur.ch\/wp-content\/uploads\/20200401_162243-1536x1152.jpg 1536w, https:\/\/bornarchitektur.ch\/wp-content\/uploads\/20200401_162243-738x554.jpg 738w, https:\/\/bornarchitektur.ch\/wp-content\/uploads\/20200401_162243-1458x1094.jpg 1458w, https:\/\/bornarchitektur.ch\/wp-content\/uploads\/20200401_162243-996x747.jpg 996w, https:\/\/bornarchitektur.ch\/wp-content\/uploads\/20200401_162243-1992x1494.jpg 1992w\" sizes=\"auto, (max-width: 1024px) 100vw, 1024px\" \/><\/a><\/figure>\n\n\n\n<figure class=\"wp-block-image size-large\"><a href=\"https:\/\/bornarchitektur.ch\/wp-content\/uploads\/20200903_112046-scaled.jpg\"><img loading=\"lazy\" decoding=\"async\" width=\"768\" height=\"1024\" data-id=\"673\" src=\"https:\/\/bornarchitektur.ch\/wp-content\/uploads\/20200903_112046-768x1024.jpg\" alt=\"\" class=\"wp-image-673\" srcset=\"https:\/\/bornarchitektur.ch\/wp-content\/uploads\/20200903_112046-768x1024.jpg 768w, https:\/\/bornarchitektur.ch\/wp-content\/uploads\/20200903_112046-225x300.jpg 225w, https:\/\/bornarchitektur.ch\/wp-content\/uploads\/20200903_112046-1152x1536.jpg 1152w, https:\/\/bornarchitektur.ch\/wp-content\/uploads\/20200903_112046-1536x2048.jpg 1536w, https:\/\/bornarchitektur.ch\/wp-content\/uploads\/20200903_112046-738x984.jpg 738w, https:\/\/bornarchitektur.ch\/wp-content\/uploads\/20200903_112046-1458x1944.jpg 1458w, https:\/\/bornarchitektur.ch\/wp-content\/uploads\/20200903_112046-996x1328.jpg 996w, https:\/\/bornarchitektur.ch\/wp-content\/uploads\/20200903_112046-1992x2656.jpg 1992w, https:\/\/bornarchitektur.ch\/wp-content\/uploads\/20200903_112046-scaled.jpg 1920w\" sizes=\"auto, (max-width: 768px) 100vw, 768px\" \/><\/a><\/figure>\n<\/figure>\n\n\n\n<figure class=\"wp-block-pullquote\"><blockquote><p><em>\u00abSeit 2015 arbeiten wir immer wieder mit Hanspeter Born zusammen. Er erarbeitet unsere Projekte zusammen mit uns in einem guten direkten Dialog, er geht auf all unsere W\u00fcnsche ein und erf\u00fcllt diese stets vollumf\u00e4nglich. Die Qualit\u00e4t der Bauwerke, die Vertrauensbasis und das Preis \u2013 Leistungsverh\u00e4ltnis sind sehr gut.\u00bb<\/em><\/p><cite><em>Gregor Lanz<\/em><br><em>Gesch\u00e4ftsf\u00fchrer Molkerei Lanz AG<\/em><\/cite><\/blockquote><\/figure>\n\n\n\n<figure class=\"wp-block-gallery has-nested-images columns-default is-cropped wp-block-gallery-2 is-layout-flex wp-block-gallery-is-layout-flex\">\n<figure class=\"wp-block-image size-large is-style-rounded\"><a href=\"https:\/\/bornarchitektur.ch\/wp-content\/uploads\/GWH-2_Fotor.jpg\"><img loading=\"lazy\" decoding=\"async\" width=\"1024\" height=\"633\" data-id=\"395\" src=\"https:\/\/bornarchitektur.ch\/wp-content\/uploads\/GWH-2_Fotor-1024x633.jpg\" alt=\"\" class=\"wp-image-395\" srcset=\"https:\/\/bornarchitektur.ch\/wp-content\/uploads\/GWH-2_Fotor-1024x633.jpg 1024w, https:\/\/bornarchitektur.ch\/wp-content\/uploads\/GWH-2_Fotor-300x185.jpg 300w\" sizes=\"auto, (max-width: 1024px) 100vw, 1024px\" \/><\/a><figcaption>Produktionshalle<\/figcaption><\/figure>\n<\/figure>\n\n\n\n<figure class=\"wp-block-gallery has-nested-images columns-default is-cropped wp-block-gallery-3 is-layout-flex wp-block-gallery-is-layout-flex\">\n<figure class=\"wp-block-image size-large\"><a href=\"https:\/\/bornarchitektur.ch\/wp-content\/uploads\/051003_Gewerbeaustellung_Slideshow_216-1.jpg\"><img loading=\"lazy\" decoding=\"async\" width=\"1024\" height=\"761\" data-id=\"675\" src=\"https:\/\/bornarchitektur.ch\/wp-content\/uploads\/051003_Gewerbeaustellung_Slideshow_216-1-1024x761.jpg\" alt=\"\" class=\"wp-image-675\" srcset=\"https:\/\/bornarchitektur.ch\/wp-content\/uploads\/051003_Gewerbeaustellung_Slideshow_216-1-1024x761.jpg 1024w, https:\/\/bornarchitektur.ch\/wp-content\/uploads\/051003_Gewerbeaustellung_Slideshow_216-1-300x223.jpg 300w, https:\/\/bornarchitektur.ch\/wp-content\/uploads\/051003_Gewerbeaustellung_Slideshow_216-1-768x571.jpg 768w, https:\/\/bornarchitektur.ch\/wp-content\/uploads\/051003_Gewerbeaustellung_Slideshow_216-1-1536x1141.jpg 1536w, https:\/\/bornarchitektur.ch\/wp-content\/uploads\/051003_Gewerbeaustellung_Slideshow_216-1-738x548.jpg 738w, https:\/\/bornarchitektur.ch\/wp-content\/uploads\/051003_Gewerbeaustellung_Slideshow_216-1-1458x1083.jpg 1458w, https:\/\/bornarchitektur.ch\/wp-content\/uploads\/051003_Gewerbeaustellung_Slideshow_216-1-996x740.jpg 996w, https:\/\/bornarchitektur.ch\/wp-content\/uploads\/051003_Gewerbeaustellung_Slideshow_216-1-1992x1480.jpg 1992w\" sizes=\"auto, (max-width: 1024px) 100vw, 1024px\" \/><\/a><\/figure>\n\n\n\n<figure class=\"wp-block-image size-large\"><a href=\"https:\/\/bornarchitektur.ch\/wp-content\/uploads\/051003_Gewerbeaustellung_Slideshow_225.jpg\"><img loading=\"lazy\" decoding=\"async\" width=\"1024\" height=\"683\" data-id=\"676\" src=\"https:\/\/bornarchitektur.ch\/wp-content\/uploads\/051003_Gewerbeaustellung_Slideshow_225-1024x683.jpg\" alt=\"\" class=\"wp-image-676\" srcset=\"https:\/\/bornarchitektur.ch\/wp-content\/uploads\/051003_Gewerbeaustellung_Slideshow_225-1024x683.jpg 1024w, https:\/\/bornarchitektur.ch\/wp-content\/uploads\/051003_Gewerbeaustellung_Slideshow_225-300x200.jpg 300w, https:\/\/bornarchitektur.ch\/wp-content\/uploads\/051003_Gewerbeaustellung_Slideshow_225-768x512.jpg 768w, https:\/\/bornarchitektur.ch\/wp-content\/uploads\/051003_Gewerbeaustellung_Slideshow_225-738x492.jpg 738w, https:\/\/bornarchitektur.ch\/wp-content\/uploads\/051003_Gewerbeaustellung_Slideshow_225-1458x972.jpg 1458w, https:\/\/bornarchitektur.ch\/wp-content\/uploads\/051003_Gewerbeaustellung_Slideshow_225-996x664.jpg 996w, https:\/\/bornarchitektur.ch\/wp-content\/uploads\/051003_Gewerbeaustellung_Slideshow_225.jpg 1536w\" sizes=\"auto, (max-width: 1024px) 100vw, 1024px\" \/><\/a><\/figure>\n\n\n\n<figure class=\"wp-block-image size-large\"><a href=\"https:\/\/bornarchitektur.ch\/wp-content\/uploads\/051003_Gewerbeaustellung_Slideshow_229.jpg\"><img loading=\"lazy\" decoding=\"async\" width=\"1024\" height=\"683\" data-id=\"677\" src=\"https:\/\/bornarchitektur.ch\/wp-content\/uploads\/051003_Gewerbeaustellung_Slideshow_229-1024x683.jpg\" alt=\"\" class=\"wp-image-677\" srcset=\"https:\/\/bornarchitektur.ch\/wp-content\/uploads\/051003_Gewerbeaustellung_Slideshow_229-1024x683.jpg 1024w, https:\/\/bornarchitektur.ch\/wp-content\/uploads\/051003_Gewerbeaustellung_Slideshow_229-300x200.jpg 300w, https:\/\/bornarchitektur.ch\/wp-content\/uploads\/051003_Gewerbeaustellung_Slideshow_229-768x512.jpg 768w, https:\/\/bornarchitektur.ch\/wp-content\/uploads\/051003_Gewerbeaustellung_Slideshow_229-738x492.jpg 738w, https:\/\/bornarchitektur.ch\/wp-content\/uploads\/051003_Gewerbeaustellung_Slideshow_229-1458x972.jpg 1458w, https:\/\/bornarchitektur.ch\/wp-content\/uploads\/051003_Gewerbeaustellung_Slideshow_229-996x664.jpg 996w, https:\/\/bornarchitektur.ch\/wp-content\/uploads\/051003_Gewerbeaustellung_Slideshow_229.jpg 1536w\" sizes=\"auto, (max-width: 1024px) 100vw, 1024px\" \/><\/a><\/figure>\n<\/figure>\n\n\n\n<figure class=\"wp-block-pullquote\"><blockquote><p>Bauten f\u00fcr Lebensmittelbetriebe sind meine Kernkompetenz.<\/p><p>Beratung, Planung und Realisation.<\/p><cite>Hanspeter Born<\/cite><\/blockquote><\/figure>\n\n\n\n<p><strong>Wohnbauten<\/strong><\/p>\n\n\n\n<figure class=\"wp-block-image size-large is-style-rounded\"><a href=\"https:\/\/bornarchitektur.ch\/wp-content\/uploads\/US-II_01-scaled.jpg\"><img loading=\"lazy\" decoding=\"async\" width=\"1024\" height=\"640\" src=\"https:\/\/bornarchitektur.ch\/wp-content\/uploads\/US-II_01-1024x640.jpg\" alt=\"\" class=\"wp-image-574\" srcset=\"https:\/\/bornarchitektur.ch\/wp-content\/uploads\/US-II_01-1024x640.jpg 1024w, https:\/\/bornarchitektur.ch\/wp-content\/uploads\/US-II_01-300x188.jpg 300w, https:\/\/bornarchitektur.ch\/wp-content\/uploads\/US-II_01-768x480.jpg 768w, https:\/\/bornarchitektur.ch\/wp-content\/uploads\/US-II_01-1536x960.jpg 1536w, https:\/\/bornarchitektur.ch\/wp-content\/uploads\/US-II_01-540x338.jpg 540w, https:\/\/bornarchitektur.ch\/wp-content\/uploads\/US-II_01-1080x675.jpg 1080w, https:\/\/bornarchitektur.ch\/wp-content\/uploads\/US-II_01-1980x1238.jpg 1980w\" sizes=\"auto, (max-width: 1024px) 100vw, 1024px\" \/><\/a><figcaption>Wohn\u00fcberbauung<\/figcaption><\/figure>\n\n\n\n<figure class=\"wp-block-gallery has-nested-images columns-default is-cropped wp-block-gallery-4 is-layout-flex wp-block-gallery-is-layout-flex\">\n<figure class=\"wp-block-image size-large\"><a href=\"https:\/\/bornarchitektur.ch\/wp-content\/uploads\/Niederbipp-02_03-scaled.jpg\"><img loading=\"lazy\" decoding=\"async\" width=\"1024\" height=\"640\" data-id=\"621\" src=\"https:\/\/bornarchitektur.ch\/wp-content\/uploads\/Niederbipp-02_03-1024x640.jpg\" alt=\"\" class=\"wp-image-621\" srcset=\"https:\/\/bornarchitektur.ch\/wp-content\/uploads\/Niederbipp-02_03-1024x640.jpg 1024w, https:\/\/bornarchitektur.ch\/wp-content\/uploads\/Niederbipp-02_03-300x188.jpg 300w, https:\/\/bornarchitektur.ch\/wp-content\/uploads\/Niederbipp-02_03-768x480.jpg 768w, https:\/\/bornarchitektur.ch\/wp-content\/uploads\/Niederbipp-02_03-1536x960.jpg 1536w, https:\/\/bornarchitektur.ch\/wp-content\/uploads\/Niederbipp-02_03-738x461.jpg 738w, https:\/\/bornarchitektur.ch\/wp-content\/uploads\/Niederbipp-02_03-1458x911.jpg 1458w, https:\/\/bornarchitektur.ch\/wp-content\/uploads\/Niederbipp-02_03-996x623.jpg 996w, https:\/\/bornarchitektur.ch\/wp-content\/uploads\/Niederbipp-02_03-1992x1245.jpg 1992w\" sizes=\"auto, (max-width: 1024px) 100vw, 1024px\" \/><\/a><\/figure>\n\n\n\n<figure class=\"wp-block-image size-large\"><a href=\"https:\/\/bornarchitektur.ch\/wp-content\/uploads\/interior-view-4_03-scaled.jpg\"><img loading=\"lazy\" decoding=\"async\" width=\"1024\" height=\"683\" data-id=\"620\" src=\"https:\/\/bornarchitektur.ch\/wp-content\/uploads\/interior-view-4_03-1024x683.jpg\" alt=\"\" class=\"wp-image-620\" srcset=\"https:\/\/bornarchitektur.ch\/wp-content\/uploads\/interior-view-4_03-1024x683.jpg 1024w, https:\/\/bornarchitektur.ch\/wp-content\/uploads\/interior-view-4_03-300x200.jpg 300w, https:\/\/bornarchitektur.ch\/wp-content\/uploads\/interior-view-4_03-768x512.jpg 768w, https:\/\/bornarchitektur.ch\/wp-content\/uploads\/interior-view-4_03-1536x1024.jpg 1536w, https:\/\/bornarchitektur.ch\/wp-content\/uploads\/interior-view-4_03-738x492.jpg 738w, https:\/\/bornarchitektur.ch\/wp-content\/uploads\/interior-view-4_03-1458x972.jpg 1458w, https:\/\/bornarchitektur.ch\/wp-content\/uploads\/interior-view-4_03-996x664.jpg 996w, https:\/\/bornarchitektur.ch\/wp-content\/uploads\/interior-view-4_03-1992x1328.jpg 1992w\" sizes=\"auto, (max-width: 1024px) 100vw, 1024px\" \/><\/a><\/figure>\n\n\n\n<figure class=\"wp-block-image size-large\"><a href=\"https:\/\/bornarchitektur.ch\/wp-content\/uploads\/20200518_171218-scaled.jpg\"><img loading=\"lazy\" decoding=\"async\" width=\"1024\" height=\"768\" data-id=\"627\" src=\"https:\/\/bornarchitektur.ch\/wp-content\/uploads\/20200518_171218-1024x768.jpg\" alt=\"\" class=\"wp-image-627\" srcset=\"https:\/\/bornarchitektur.ch\/wp-content\/uploads\/20200518_171218-1024x768.jpg 1024w, https:\/\/bornarchitektur.ch\/wp-content\/uploads\/20200518_171218-300x225.jpg 300w, https:\/\/bornarchitektur.ch\/wp-content\/uploads\/20200518_171218-768x576.jpg 768w, https:\/\/bornarchitektur.ch\/wp-content\/uploads\/20200518_171218-1536x1152.jpg 1536w, https:\/\/bornarchitektur.ch\/wp-content\/uploads\/20200518_171218-738x554.jpg 738w, https:\/\/bornarchitektur.ch\/wp-content\/uploads\/20200518_171218-1458x1094.jpg 1458w, https:\/\/bornarchitektur.ch\/wp-content\/uploads\/20200518_171218-996x747.jpg 996w, https:\/\/bornarchitektur.ch\/wp-content\/uploads\/20200518_171218-1992x1494.jpg 1992w\" sizes=\"auto, (max-width: 1024px) 100vw, 1024px\" \/><\/a><\/figure>\n<\/figure>\n\n\n\n<figure class=\"wp-block-pullquote\"><blockquote><p>Wohnungsbau f\u00fcr Investoren und Private. <\/p><cite>Hanspeter Born<\/cite><\/blockquote><\/figure>\n\n\n\n<figure class=\"wp-block-image size-large is-resized is-style-rounded\"><a href=\"https:\/\/bornarchitektur.ch\/wp-content\/uploads\/Pieterlen_Fotor.jpg\"><img loading=\"lazy\" decoding=\"async\" src=\"https:\/\/bornarchitektur.ch\/wp-content\/uploads\/Pieterlen_Fotor.jpg\" alt=\"\" class=\"wp-image-526\" width=\"578\" height=\"429\" srcset=\"https:\/\/bornarchitektur.ch\/wp-content\/uploads\/Pieterlen_Fotor.jpg 400w, https:\/\/bornarchitektur.ch\/wp-content\/uploads\/Pieterlen_Fotor-300x223.jpg 300w\" sizes=\"auto, (max-width: 578px) 100vw, 578px\" \/><\/a><figcaption>Wohn\u00fcberbauung<\/figcaption><\/figure>\n\n\n\n<figure class=\"wp-block-gallery has-nested-images columns-default is-cropped wp-block-gallery-5 is-layout-flex wp-block-gallery-is-layout-flex\">\n<figure class=\"wp-block-image size-large\"><a href=\"https:\/\/bornarchitektur.ch\/wp-content\/uploads\/Aussen-07-Final-scaled.jpg\"><img loading=\"lazy\" decoding=\"async\" width=\"1024\" height=\"576\" data-id=\"630\" src=\"https:\/\/bornarchitektur.ch\/wp-content\/uploads\/Aussen-07-Final-1024x576.jpg\" alt=\"\" class=\"wp-image-630\" srcset=\"https:\/\/bornarchitektur.ch\/wp-content\/uploads\/Aussen-07-Final-1024x576.jpg 1024w, https:\/\/bornarchitektur.ch\/wp-content\/uploads\/Aussen-07-Final-300x169.jpg 300w, https:\/\/bornarchitektur.ch\/wp-content\/uploads\/Aussen-07-Final-768x432.jpg 768w, https:\/\/bornarchitektur.ch\/wp-content\/uploads\/Aussen-07-Final-1536x864.jpg 1536w, https:\/\/bornarchitektur.ch\/wp-content\/uploads\/Aussen-07-Final-738x415.jpg 738w, https:\/\/bornarchitektur.ch\/wp-content\/uploads\/Aussen-07-Final-1458x820.jpg 1458w, https:\/\/bornarchitektur.ch\/wp-content\/uploads\/Aussen-07-Final-996x560.jpg 996w, https:\/\/bornarchitektur.ch\/wp-content\/uploads\/Aussen-07-Final-1992x1121.jpg 1992w\" sizes=\"auto, (max-width: 1024px) 100vw, 1024px\" \/><\/a><\/figure>\n\n\n\n<figure class=\"wp-block-image size-large\"><a href=\"https:\/\/bornarchitektur.ch\/wp-content\/uploads\/Balkon-06-scaled.jpg\"><img loading=\"lazy\" decoding=\"async\" width=\"1024\" height=\"576\" data-id=\"631\" src=\"https:\/\/bornarchitektur.ch\/wp-content\/uploads\/Balkon-06-1024x576.jpg\" alt=\"\" class=\"wp-image-631\" srcset=\"https:\/\/bornarchitektur.ch\/wp-content\/uploads\/Balkon-06-1024x576.jpg 1024w, https:\/\/bornarchitektur.ch\/wp-content\/uploads\/Balkon-06-300x169.jpg 300w, https:\/\/bornarchitektur.ch\/wp-content\/uploads\/Balkon-06-768x432.jpg 768w, https:\/\/bornarchitektur.ch\/wp-content\/uploads\/Balkon-06-1536x864.jpg 1536w, https:\/\/bornarchitektur.ch\/wp-content\/uploads\/Balkon-06-738x415.jpg 738w, https:\/\/bornarchitektur.ch\/wp-content\/uploads\/Balkon-06-1458x820.jpg 1458w, https:\/\/bornarchitektur.ch\/wp-content\/uploads\/Balkon-06-996x560.jpg 996w, https:\/\/bornarchitektur.ch\/wp-content\/uploads\/Balkon-06-1992x1121.jpg 1992w\" sizes=\"auto, (max-width: 1024px) 100vw, 1024px\" \/><\/a><\/figure>\n\n\n\n<figure class=\"wp-block-image size-large\"><a href=\"https:\/\/bornarchitektur.ch\/wp-content\/uploads\/20200811_162426-scaled.jpg\"><img loading=\"lazy\" decoding=\"async\" width=\"1024\" height=\"768\" data-id=\"629\" src=\"https:\/\/bornarchitektur.ch\/wp-content\/uploads\/20200811_162426-1024x768.jpg\" alt=\"\" class=\"wp-image-629\" srcset=\"https:\/\/bornarchitektur.ch\/wp-content\/uploads\/20200811_162426-1024x768.jpg 1024w, https:\/\/bornarchitektur.ch\/wp-content\/uploads\/20200811_162426-300x225.jpg 300w, https:\/\/bornarchitektur.ch\/wp-content\/uploads\/20200811_162426-768x576.jpg 768w, https:\/\/bornarchitektur.ch\/wp-content\/uploads\/20200811_162426-1536x1152.jpg 1536w, https:\/\/bornarchitektur.ch\/wp-content\/uploads\/20200811_162426-738x554.jpg 738w, https:\/\/bornarchitektur.ch\/wp-content\/uploads\/20200811_162426-1458x1094.jpg 1458w, https:\/\/bornarchitektur.ch\/wp-content\/uploads\/20200811_162426-996x747.jpg 996w, https:\/\/bornarchitektur.ch\/wp-content\/uploads\/20200811_162426-1992x1494.jpg 1992w\" sizes=\"auto, (max-width: 1024px) 100vw, 1024px\" \/><\/a><\/figure>\n<\/figure>\n\n\n\n<figure class=\"wp-block-pullquote\"><blockquote><p>Mit meinem Planer &#8211; Netzwerk realisiere ich auch gr\u00f6ssere Bauvorhaben.<\/p><cite>Hanspeter Born<\/cite><\/blockquote><\/figure>\n\n\n\n<figure class=\"wp-block-image size-large is-style-rounded\"><a href=\"https:\/\/bornarchitektur.ch\/wp-content\/uploads\/001.jpg\"><img loading=\"lazy\" decoding=\"async\" width=\"1024\" height=\"602\" src=\"https:\/\/bornarchitektur.ch\/wp-content\/uploads\/001-1024x602.jpg\" alt=\"\" class=\"wp-image-277\" srcset=\"https:\/\/bornarchitektur.ch\/wp-content\/uploads\/001-1024x602.jpg 1024w, https:\/\/bornarchitektur.ch\/wp-content\/uploads\/001-300x176.jpg 300w\" sizes=\"auto, (max-width: 1024px) 100vw, 1024px\" \/><\/a><figcaption>Mehrfamilienhaus<\/figcaption><\/figure>\n\n\n\n<figure class=\"wp-block-pullquote\"><blockquote><p>Kapazit\u00e4tsengpass bei einem tollen Bauvorhaben? Fragen Sie nach!<\/p><cite>Hanspeter Born<\/cite><\/blockquote><\/figure>\n\n\n\n<figure class=\"wp-block-image size-large is-style-rounded\"><a href=\"https:\/\/bornarchitektur.ch\/wp-content\/uploads\/01-Bewerbungsunterlagen.jpg\"><img loading=\"lazy\" decoding=\"async\" width=\"591\" height=\"438\" src=\"https:\/\/bornarchitektur.ch\/wp-content\/uploads\/01-Bewerbungsunterlagen.jpg\" alt=\"\" class=\"wp-image-315\" srcset=\"https:\/\/bornarchitektur.ch\/wp-content\/uploads\/01-Bewerbungsunterlagen.jpg 591w, https:\/\/bornarchitektur.ch\/wp-content\/uploads\/01-Bewerbungsunterlagen-300x222.jpg 300w\" sizes=\"auto, (max-width: 591px) 100vw, 591px\" \/><\/a><figcaption>Einfamilienhaus<\/figcaption><\/figure>\n\n\n\n<figure class=\"wp-block-pullquote\"><blockquote><p>Anspruchsvoller individueller Wohntraum? Ich bin f\u00fcr sie da!<\/p><cite>Hanspeter Born<\/cite><\/blockquote><\/figure>\n\n\n\n<p><strong>\u00d6ffentliche Bauten<\/strong><\/p>\n\n\n\n<figure class=\"wp-block-image size-large is-style-rounded\"><a href=\"https:\/\/bornarchitektur.ch\/wp-content\/uploads\/20171116_111645-scaled.jpg\"><img loading=\"lazy\" decoding=\"async\" width=\"1024\" height=\"768\" src=\"https:\/\/bornarchitektur.ch\/wp-content\/uploads\/20171116_111645-1024x768.jpg\" alt=\"\" class=\"wp-image-616\" srcset=\"https:\/\/bornarchitektur.ch\/wp-content\/uploads\/20171116_111645-1024x768.jpg 1024w, https:\/\/bornarchitektur.ch\/wp-content\/uploads\/20171116_111645-300x225.jpg 300w, https:\/\/bornarchitektur.ch\/wp-content\/uploads\/20171116_111645-768x576.jpg 768w, https:\/\/bornarchitektur.ch\/wp-content\/uploads\/20171116_111645-1536x1152.jpg 1536w, https:\/\/bornarchitektur.ch\/wp-content\/uploads\/20171116_111645-738x554.jpg 738w, https:\/\/bornarchitektur.ch\/wp-content\/uploads\/20171116_111645-1458x1094.jpg 1458w, https:\/\/bornarchitektur.ch\/wp-content\/uploads\/20171116_111645-996x747.jpg 996w, https:\/\/bornarchitektur.ch\/wp-content\/uploads\/20171116_111645-1992x1494.jpg 1992w\" sizes=\"auto, (max-width: 1024px) 100vw, 1024px\" \/><\/a><figcaption>Entsorgungswerkhof<\/figcaption><\/figure>\n\n\n\n<figure class=\"wp-block-pullquote\"><blockquote><p>Regional verankert. <\/p><cite>Hanspeter Born<\/cite><\/blockquote><\/figure>\n\n\n\n<figure class=\"wp-block-image size-large is-style-rounded\"><a href=\"https:\/\/bornarchitektur.ch\/wp-content\/uploads\/20180416_092543-scaled.jpg\"><img loading=\"lazy\" decoding=\"async\" width=\"1024\" height=\"768\" src=\"https:\/\/bornarchitektur.ch\/wp-content\/uploads\/20180416_092543-1024x768.jpg\" alt=\"\" class=\"wp-image-617\" srcset=\"https:\/\/bornarchitektur.ch\/wp-content\/uploads\/20180416_092543-1024x768.jpg 1024w, https:\/\/bornarchitektur.ch\/wp-content\/uploads\/20180416_092543-300x225.jpg 300w, https:\/\/bornarchitektur.ch\/wp-content\/uploads\/20180416_092543-768x576.jpg 768w, https:\/\/bornarchitektur.ch\/wp-content\/uploads\/20180416_092543-1536x1152.jpg 1536w, https:\/\/bornarchitektur.ch\/wp-content\/uploads\/20180416_092543-738x554.jpg 738w, https:\/\/bornarchitektur.ch\/wp-content\/uploads\/20180416_092543-1458x1094.jpg 1458w, https:\/\/bornarchitektur.ch\/wp-content\/uploads\/20180416_092543-996x747.jpg 996w, https:\/\/bornarchitektur.ch\/wp-content\/uploads\/20180416_092543-1992x1494.jpg 1992w\" sizes=\"auto, (max-width: 1024px) 100vw, 1024px\" \/><\/a><figcaption>Kadaversammelstelle<\/figcaption><\/figure>\n\n\n\n<figure class=\"wp-block-pullquote\"><blockquote><p>Die Mechanismen des \u00f6ffentlichen Beschaffungswesen sind mir bekannt!<\/p><cite>Hanspeter Born<\/cite><\/blockquote><\/figure>\n\n\n\n<p><strong>Sanierungen<\/strong><\/p>\n\n\n\n<figure class=\"wp-block-image size-large is-style-rounded\"><a href=\"https:\/\/bornarchitektur.ch\/wp-content\/uploads\/20200915_141546-scaled.jpg\"><img loading=\"lazy\" decoding=\"async\" width=\"1024\" height=\"768\" src=\"https:\/\/bornarchitektur.ch\/wp-content\/uploads\/20200915_141546-1024x768.jpg\" alt=\"\" class=\"wp-image-633\" srcset=\"https:\/\/bornarchitektur.ch\/wp-content\/uploads\/20200915_141546-1024x768.jpg 1024w, https:\/\/bornarchitektur.ch\/wp-content\/uploads\/20200915_141546-300x225.jpg 300w, https:\/\/bornarchitektur.ch\/wp-content\/uploads\/20200915_141546-768x576.jpg 768w, https:\/\/bornarchitektur.ch\/wp-content\/uploads\/20200915_141546-1536x1152.jpg 1536w, https:\/\/bornarchitektur.ch\/wp-content\/uploads\/20200915_141546-738x554.jpg 738w, https:\/\/bornarchitektur.ch\/wp-content\/uploads\/20200915_141546-1458x1094.jpg 1458w, https:\/\/bornarchitektur.ch\/wp-content\/uploads\/20200915_141546-996x747.jpg 996w, https:\/\/bornarchitektur.ch\/wp-content\/uploads\/20200915_141546-1992x1494.jpg 1992w\" sizes=\"auto, (max-width: 1024px) 100vw, 1024px\" \/><\/a><figcaption>Einfamilienhaus von 1966<\/figcaption><\/figure>\n\n\n\n<figure class=\"wp-block-pullquote\"><blockquote><p>Die Sanierung geht immer besser mit dem Geb\u00e4ude, <\/p><p>als gegen das Geb\u00e4ude!<\/p><cite>Hanspeter Born<\/cite><\/blockquote><\/figure>\n\n\n\n<figure class=\"wp-block-image size-large is-style-rounded\"><a href=\"https:\/\/bornarchitektur.ch\/wp-content\/uploads\/20201115_163012-scaled.jpg\"><img loading=\"lazy\" decoding=\"async\" width=\"1024\" height=\"768\" src=\"https:\/\/bornarchitektur.ch\/wp-content\/uploads\/20201115_163012-1024x768.jpg\" alt=\"\" class=\"wp-image-632\" srcset=\"https:\/\/bornarchitektur.ch\/wp-content\/uploads\/20201115_163012-1024x768.jpg 1024w, https:\/\/bornarchitektur.ch\/wp-content\/uploads\/20201115_163012-300x225.jpg 300w, https:\/\/bornarchitektur.ch\/wp-content\/uploads\/20201115_163012-768x576.jpg 768w, https:\/\/bornarchitektur.ch\/wp-content\/uploads\/20201115_163012-1536x1152.jpg 1536w, https:\/\/bornarchitektur.ch\/wp-content\/uploads\/20201115_163012-738x554.jpg 738w, https:\/\/bornarchitektur.ch\/wp-content\/uploads\/20201115_163012-1458x1094.jpg 1458w, https:\/\/bornarchitektur.ch\/wp-content\/uploads\/20201115_163012-996x747.jpg 996w, https:\/\/bornarchitektur.ch\/wp-content\/uploads\/20201115_163012-1992x1494.jpg 1992w\" sizes=\"auto, (max-width: 1024px) 100vw, 1024px\" \/><\/a><figcaption>historisches Wohnhaus<\/figcaption><\/figure>\n\n\n\n<figure class=\"wp-block-pullquote\"><blockquote><p>Denkmalpflege? Ehrw\u00fcrdiges Bauwerk? Pittoreskes Ensemble?<\/p><p>Interessant! Erz\u00e4hlen sie mir mehr!<\/p><cite>Hanspeter Born<\/cite><\/blockquote><\/figure>\n\n\n\n<p><strong>Weiteres:<\/strong><\/p>\n\n\n\n<figure class=\"wp-block-image size-large is-resized is-style-rounded\"><a href=\"https:\/\/bornarchitektur.ch\/wp-content\/uploads\/B\u00f6siger-400-296.jpg\"><img loading=\"lazy\" decoding=\"async\" src=\"https:\/\/bornarchitektur.ch\/wp-content\/uploads\/B\u00f6siger-400-296.jpg\" alt=\"\" class=\"wp-image-309\" width=\"577\" height=\"427\" srcset=\"https:\/\/bornarchitektur.ch\/wp-content\/uploads\/B\u00f6siger-400-296.jpg 400w, https:\/\/bornarchitektur.ch\/wp-content\/uploads\/B\u00f6siger-400-296-300x222.jpg 300w\" sizes=\"auto, (max-width: 577px) 100vw, 577px\" \/><\/a><figcaption>Gew\u00e4chshausanlage<\/figcaption><\/figure>\n\n\n\n<figure class=\"wp-block-pullquote\"><blockquote><p>Habe ich noch nie gemacht? Einmal ist immer das Erste mal!<\/p><p>Flexibel interessiere ich mich f\u00fcr Ihr herausforderndes Projekt!<\/p><cite>Hanspeter Born<\/cite><\/blockquote><\/figure>\n\n\n\n<p><\/p>\n","protected":false},"excerpt":{"rendered":"<p>realisiert. Industrie &amp; Gewerbe \u00abSeit 2015 arbeiten wir immer wieder mit Hanspeter Born zusammen. Er erarbeitet unsere Projekte zusammen mit uns in einem guten direkten Dialog, er geht auf all unsere W\u00fcnsche ein und erf\u00fcllt diese stets vollumf\u00e4nglich. Die Qualit\u00e4t der Bauwerke, die Vertrauensbasis und das Preis \u2013 Leistungsverh\u00e4ltnis sind sehr gut.\u00bb Gregor LanzGesch\u00e4ftsf\u00fchrer Molkerei &#8230;<\/p>\n","protected":false},"author":1,"featured_media":0,"parent":0,"menu_order":0,"comment_status":"closed","ping_status":"closed","template":"","meta":{"footnotes":""},"class_list":["post-605","page","type-page","status-publish","hentry"],"_links":{"self":[{"href":"https:\/\/bornarchitektur.ch\/index.php\/wp-json\/wp\/v2\/pages\/605","targetHints":{"allow":["GET"]}}],"collection":[{"href":"https:\/\/bornarchitektur.ch\/index.php\/wp-json\/wp\/v2\/pages"}],"about":[{"href":"https:\/\/bornarchitektur.ch\/index.php\/wp-json\/wp\/v2\/types\/page"}],"author":[{"embeddable":true,"href":"https:\/\/bornarchitektur.ch\/index.php\/wp-json\/wp\/v2\/users\/1"}],"replies":[{"embeddable":true,"href":"https:\/\/bornarchitektur.ch\/index.php\/wp-json\/wp\/v2\/comments?post=605"}],"version-history":[{"count":15,"href":"https:\/\/bornarchitektur.ch\/index.php\/wp-json\/wp\/v2\/pages\/605\/revisions"}],"predecessor-version":[{"id":685,"href":"https:\/\/bornarchitektur.ch\/index.php\/wp-json\/wp\/v2\/pages\/605\/revisions\/685"}],"wp:attachment":[{"href":"https:\/\/bornarchitektur.ch\/index.php\/wp-json\/wp\/v2\/media?parent=605"}],"curies":[{"name":"wp","href":"https:\/\/api.w.org\/{rel}","templated":true}]}}